{"id":257,"date":"2025-04-11T19:27:24","date_gmt":"2025-04-11T17:27:24","guid":{"rendered":"https:\/\/ceduca.org\/news\/"},"modified":"2025-07-19T18:44:13","modified_gmt":"2025-07-19T16:44:13","slug":"news","status":"publish","type":"page","link":"https:\/\/ceduca.org\/en\/news\/","title":{"rendered":"News"},"content":{"rendered":"\t\t<div data-elementor-type=\"wp-page\" data-elementor-id=\"257\" class=\"elementor elementor-257 elementor-41\">\n\t\t\t\t<div class=\"elementor-element elementor-element-01e20ed e-flex e-con-boxed wpr-particle-no wpr-jarallax-no wpr-parallax-no wpr-sticky-section-no wpr-equal-height-no e-con e-parent\" data-id=\"01e20ed\" data-element_type=\"container\" data-e-type=\"container\" data-settings=\"{&quot;background_background&quot;:&quot;classic&quot;}\">\n\t\t\t\t\t<div class=\"e-con-inner\">\n\t\t\t\t<div class=\"elementor-element elementor-element-591f311 elementor-widget elementor-widget-heading\" data-id=\"591f311\" data-element_type=\"widget\" data-e-type=\"widget\" data-widget_type=\"heading.default\">\n\t\t\t\t<div class=\"elementor-widget-container\">\n\t\t\t\t\t<h2 class=\"elementor-heading-title elementor-size-default\">News<\/h2>\t\t\t\t<\/div>\n\t\t\t\t<\/div>\n\t\t\t\t\t<\/div>\n\t\t\t\t<\/div>\n\t\t<div class=\"elementor-element elementor-element-55ff36b e-flex e-con-boxed wpr-particle-no wpr-jarallax-no wpr-parallax-no wpr-sticky-section-no wpr-equal-height-no e-con e-parent\" data-id=\"55ff36b\" data-element_type=\"container\" data-e-type=\"container\">\n\t\t\t\t\t<div class=\"e-con-inner\">\n\t\t\t\t<div class=\"elementor-element elementor-element-37759cb elementor-widget elementor-widget-spacer\" data-id=\"37759cb\" data-element_type=\"widget\" data-e-type=\"widget\" data-widget_type=\"spacer.default\">\n\t\t\t\t<div class=\"elementor-widget-container\">\n\t\t\t\t\t\t\t<div class=\"elementor-spacer\">\n\t\t\t<div class=\"elementor-spacer-inner\"><\/div>\n\t\t<\/div>\n\t\t\t\t\t\t<\/div>\n\t\t\t\t<\/div>\n\t\t\t\t\t<\/div>\n\t\t\t\t<\/div>\n\t\t<div class=\"elementor-element elementor-element-208eb10 elementor-hidden-tablet elementor-hidden-mobile e-flex e-con-boxed wpr-particle-no wpr-jarallax-no wpr-parallax-no wpr-sticky-section-no wpr-equal-height-no e-con e-parent\" data-id=\"208eb10\" data-element_type=\"container\" data-e-type=\"container\">\n\t\t\t\t\t<div class=\"e-con-inner\">\n\t\t\t\t<div class=\"elementor-element elementor-element-9780a27 wpr-grid-columns--mobile1 wpr-grid-columns--tablet2 elementor-widget-tablet__width-inherit elementor-widget-mobile__width-initial wpr-grid-columns-1 wpr-item-styles-inner elementor-widget elementor-widget-wpr-grid\" data-id=\"9780a27\" data-element_type=\"widget\" data-e-type=\"widget\" data-widget_type=\"wpr-grid.default\">\n\t\t\t\t<div class=\"elementor-widget-container\">\n\t\t\t\t\t<ul class=\"wpr-grid-filters elementor-clearfix wpr-grid-filters-sep-right\"><li class=\" wpr-pointer-none wpr-pointer-line-fx wpr-pointer-fx-none\"><span  data-filter=\"*\" class=\"wpr-grid-filters-item wpr-active-filter \">All Posts<\/span><em class=\"wpr-grid-filters-sep\"><\/em><\/li><li class=\" wpr-pointer-none wpr-pointer-line-fx wpr-pointer-fx-none\"><span   data-ajax-filter=[\"category\",\"sin-categoria\"]  data-filter=\".category-sin-categoria\">Sin categor\u00eda<\/span><em class=\"wpr-grid-filters-sep\"><\/em><\/li><\/ul><section class=\"wpr-grid elementor-clearfix\" data-settings=\"{&quot;layout&quot;:&quot;list&quot;,&quot;stick_last_element_to_bottom&quot;:&quot;no&quot;,&quot;columns_desktop&quot;:&quot;1&quot;,&quot;gutter_hr&quot;:25,&quot;gutter_hr_mobile&quot;:-20,&quot;gutter_hr_mobile_extra&quot;:20,&quot;gutter_hr_tablet&quot;:20,&quot;gutter_hr_tablet_extra&quot;:25,&quot;gutter_hr_laptop&quot;:25,&quot;gutter_hr_widescreen&quot;:25,&quot;gutter_vr&quot;:25,&quot;gutter_vr_mobile&quot;:40,&quot;gutter_vr_mobile_extra&quot;:20,&quot;gutter_vr_tablet&quot;:20,&quot;gutter_vr_tablet_extra&quot;:25,&quot;gutter_vr_laptop&quot;:25,&quot;gutter_vr_widescreen&quot;:25,&quot;animation&quot;:&quot;default&quot;,&quot;animation_duration&quot;:0.3,&quot;animation_delay&quot;:0.1,&quot;deeplinking&quot;:&quot;&quot;,&quot;filters_linkable&quot;:&quot;no&quot;,&quot;filters_default_filter&quot;:&quot;&quot;,&quot;filters_count&quot;:&quot;&quot;,&quot;filters_hide_empty&quot;:&quot;no&quot;,&quot;filters_animation&quot;:&quot;default&quot;,&quot;filters_animation_duration&quot;:0.3,&quot;filters_animation_delay&quot;:0.1,&quot;pagination_type&quot;:&quot;load-more&quot;,&quot;pagination_max_pages&quot;:2,&quot;media_align&quot;:&quot;left&quot;,&quot;media_width&quot;:30,&quot;media_distance&quot;:20,&quot;lightbox&quot;:{&quot;selector&quot;:&quot;.wpr-grid-image-wrap&quot;,&quot;iframeMaxWidth&quot;:&quot;60%&quot;,&quot;hash&quot;:false,&quot;autoplay&quot;:&quot;true&quot;,&quot;pause&quot;:5000,&quot;progressBar&quot;:&quot;true&quot;,&quot;counter&quot;:&quot;true&quot;,&quot;controls&quot;:&quot;true&quot;,&quot;getCaptionFromTitleOrAlt&quot;:&quot;true&quot;,&quot;thumbnail&quot;:&quot;&quot;,&quot;showThumbByDefault&quot;:&quot;&quot;,&quot;share&quot;:&quot;&quot;,&quot;zoom&quot;:&quot;true&quot;,&quot;fullScreen&quot;:&quot;true&quot;,&quot;download&quot;:&quot;true&quot;}}\" data-advanced-filters=\"no\"><article class=\"wpr-grid-item elementor-clearfix post-1008 post type-post status-publish format-standard has-post-thumbnail hentry category-sin-categoria\"><div class=\"wpr-grid-item-inner\"><div class=\"wpr-grid-media-wrap wpr-effect-size-medium \" data-overlay-link=\"yes\"><div class=\"wpr-grid-image-wrap\" data-src=\"https:\/\/ceduca.org\/wp-content\/uploads\/2025\/08\/RECURSOS1.jpg\" data-img-on-hover=\"\"  data-src-secondary=\"\"><img decoding=\"async\" data-no-lazy=\"1\" src=\"https:\/\/ceduca.org\/wp-content\/uploads\/2025\/08\/RECURSOS1.jpg\" alt=\"CEDUCA participates in the European project Entrepreneurship Without Borders to promote a more inclusive and innovative VET system\" class=\"wpr-anim-timing-ease-default\"><\/div><div class=\"wpr-grid-media-hover wpr-animation-wrap\"><div class=\"wpr-grid-media-hover-bg  wpr-overlay-fade-in wpr-anim-size-large wpr-anim-timing-ease-default wpr-anim-transparency\" data-url=\"https:\/\/ceduca.org\/en\/ceduca-joins-the-european-project-entrepreneurship-without-borders-to-promote-inclusive-and-innovative-vet\/\"><\/div><\/div><\/div><div class=\"wpr-grid-item-below-content elementor-clearfix\"><h2 class=\"wpr-grid-item-title elementor-repeater-item-c7205ec wpr-grid-item-display-block wpr-grid-item-align-left wpr-pointer-none wpr-pointer-line-fx wpr-pointer-fx-fade\"><div class=\"inner-block\"><a target=\"_self\"  href=\"https:\/\/ceduca.org\/en\/ceduca-joins-the-european-project-entrepreneurship-without-borders-to-promote-inclusive-and-innovative-vet\/\">CEDUCA participates in the European project Entrepreneurship Without Borders to promote a more inclusive and innovative VET system<\/a><\/div><\/h2><div class=\"wpr-grid-item-date elementor-repeater-item-728c7e0 wpr-grid-item-display-inline wpr-grid-item-align-left\"><div class=\"inner-block\"><span>10\/09\/2025<span class=\"wpr-grid-extra-text-right\"><\/span><\/span><\/div><\/div><div class=\"wpr-grid-item-excerpt elementor-repeater-item-402326c wpr-grid-item-display-block wpr-grid-item-align-left\"><div class=\"inner-block\"><p>CEDUCA is part of the European project Entrepreneurship Without Borders (ESF), an initiative co-funded by the Erasmus+ program that seeks...<\/p><\/div><\/div><div class=\"wpr-grid-item-read-more elementor-repeater-item-2bfaae7 wpr-grid-item-display-block wpr-grid-item-align-left\"><div class=\"inner-block\"><a target=\"_self\" href=\"https:\/\/ceduca.org\/en\/ceduca-joins-the-european-project-entrepreneurship-without-borders-to-promote-inclusive-and-innovative-vet\/\" class=\"wpr-button-effect wpr-button-none\"><span>Read more<\/span><\/a><\/div><\/div><\/div><\/div><\/article><article class=\"wpr-grid-item elementor-clearfix post-668 post type-post status-publish format-standard has-post-thumbnail hentry category-sin-categoria\"><div class=\"wpr-grid-item-inner\"><div class=\"wpr-grid-media-wrap wpr-effect-size-medium \" data-overlay-link=\"yes\"><div class=\"wpr-grid-image-wrap\" data-src=\"https:\/\/ceduca.org\/wp-content\/uploads\/2024\/03\/ChatGPT-Image-17-jul-2025-12_08_41.png\" data-img-on-hover=\"\"  data-src-secondary=\"\"><img decoding=\"async\" data-no-lazy=\"1\" src=\"https:\/\/ceduca.org\/wp-content\/uploads\/2024\/03\/ChatGPT-Image-17-jul-2025-12_08_41.png\" alt=\"Volunteering and social participation in education\" class=\"wpr-anim-timing-ease-default\"><\/div><div class=\"wpr-grid-media-hover wpr-animation-wrap\"><div class=\"wpr-grid-media-hover-bg  wpr-overlay-fade-in wpr-anim-size-large wpr-anim-timing-ease-default wpr-anim-transparency\" data-url=\"https:\/\/ceduca.org\/en\/nuevas-tendencias-en-la-educacion-inclusiva-en-espana\/\"><\/div><\/div><\/div><div class=\"wpr-grid-item-below-content elementor-clearfix\"><h2 class=\"wpr-grid-item-title elementor-repeater-item-c7205ec wpr-grid-item-display-block wpr-grid-item-align-left wpr-pointer-none wpr-pointer-line-fx wpr-pointer-fx-fade\"><div class=\"inner-block\"><a target=\"_self\"  href=\"https:\/\/ceduca.org\/en\/nuevas-tendencias-en-la-educacion-inclusiva-en-espana\/\">Volunteering and social participation in education<\/a><\/div><\/h2><div class=\"wpr-grid-item-date elementor-repeater-item-728c7e0 wpr-grid-item-display-inline wpr-grid-item-align-left\"><div class=\"inner-block\"><span>17\/07\/2025<span class=\"wpr-grid-extra-text-right\"><\/span><\/span><\/div><\/div><div class=\"wpr-grid-item-excerpt elementor-repeater-item-402326c wpr-grid-item-display-block wpr-grid-item-align-left\"><div class=\"inner-block\"><p>Volunteering can play a significant role in promoting sustainable practices and building communities committed to social change. In Spain, various...<\/p><\/div><\/div><div class=\"wpr-grid-item-read-more elementor-repeater-item-2bfaae7 wpr-grid-item-display-block wpr-grid-item-align-left\"><div class=\"inner-block\"><a target=\"_self\" href=\"https:\/\/ceduca.org\/en\/nuevas-tendencias-en-la-educacion-inclusiva-en-espana\/\" class=\"wpr-button-effect wpr-button-none\"><span>Read more<\/span><\/a><\/div><\/div><\/div><\/div><\/article><article class=\"wpr-grid-item elementor-clearfix post-669 post type-post status-publish format-standard has-post-thumbnail hentry category-sin-categoria\"><div class=\"wpr-grid-item-inner\"><div class=\"wpr-grid-media-wrap wpr-effect-size-medium \" data-overlay-link=\"yes\"><div class=\"wpr-grid-image-wrap\" data-src=\"https:\/\/ceduca.org\/wp-content\/uploads\/2024\/10\/ChatGPT-Image-17-jul-2025-11_57_50.png\" data-img-on-hover=\"\"  data-src-secondary=\"\"><img decoding=\"async\" data-no-lazy=\"1\" src=\"https:\/\/ceduca.org\/wp-content\/uploads\/2024\/10\/ChatGPT-Image-17-jul-2025-11_57_50.png\" alt=\"Collaborative networks: Towards educational excellence\" class=\"wpr-anim-timing-ease-default\"><\/div><div class=\"wpr-grid-media-hover wpr-animation-wrap\"><div class=\"wpr-grid-media-hover-bg  wpr-overlay-fade-in wpr-anim-size-large wpr-anim-timing-ease-default wpr-anim-transparency\" data-url=\"https:\/\/ceduca.org\/en\/el-desarrollo-profesional-docente-como-motor-de-la-inclusion\/\"><\/div><\/div><\/div><div class=\"wpr-grid-item-below-content elementor-clearfix\"><h2 class=\"wpr-grid-item-title elementor-repeater-item-c7205ec wpr-grid-item-display-block wpr-grid-item-align-left wpr-pointer-none wpr-pointer-line-fx wpr-pointer-fx-fade\"><div class=\"inner-block\"><a target=\"_self\"  href=\"https:\/\/ceduca.org\/en\/el-desarrollo-profesional-docente-como-motor-de-la-inclusion\/\">Collaborative networks: Towards educational excellence<\/a><\/div><\/h2><div class=\"wpr-grid-item-date elementor-repeater-item-728c7e0 wpr-grid-item-display-inline wpr-grid-item-align-left\"><div class=\"inner-block\"><span>10\/03\/2025<span class=\"wpr-grid-extra-text-right\"><\/span><\/span><\/div><\/div><div class=\"wpr-grid-item-excerpt elementor-repeater-item-402326c wpr-grid-item-display-block wpr-grid-item-align-left\"><div class=\"inner-block\"><p>How are quality educational environments built? The answer lies in joint work. In recent years, strengthening collaborative networks among educational...<\/p><\/div><\/div><div class=\"wpr-grid-item-read-more elementor-repeater-item-2bfaae7 wpr-grid-item-display-block wpr-grid-item-align-left\"><div class=\"inner-block\"><a target=\"_self\" href=\"https:\/\/ceduca.org\/en\/el-desarrollo-profesional-docente-como-motor-de-la-inclusion\/\" class=\"wpr-button-effect wpr-button-none\"><span>Read more<\/span><\/a><\/div><\/div><\/div><\/div><\/article><\/section>\t\t\t\t<\/div>\n\t\t\t\t<\/div>\n\t\t\t\t\t<\/div>\n\t\t\t\t<\/div>\n\t\t<div class=\"elementor-element elementor-element-726057a elementor-hidden-desktop e-flex e-con-boxed wpr-particle-no wpr-jarallax-no wpr-parallax-no wpr-sticky-section-no wpr-equal-height-no e-con e-parent\" data-id=\"726057a\" data-element_type=\"container\" data-e-type=\"container\">\n\t\t\t\t\t<div class=\"e-con-inner\">\n\t\t\t\t<div class=\"elementor-element elementor-element-9d75823 wpr-grid-columns--mobile1 wpr-grid-columns--tablet2 elementor-widget-tablet__width-inherit elementor-widget-mobile__width-initial wpr-grid-columns-3 wpr-item-styles-inner elementor-widget elementor-widget-wpr-grid\" data-id=\"9d75823\" data-element_type=\"widget\" data-e-type=\"widget\" data-widget_type=\"wpr-grid.default\">\n\t\t\t\t<div class=\"elementor-widget-container\">\n\t\t\t\t\t<ul class=\"wpr-grid-filters elementor-clearfix wpr-grid-filters-sep-right\"><li class=\" wpr-pointer-none wpr-pointer-line-fx wpr-pointer-fx-none\"><span  data-filter=\"*\" class=\"wpr-grid-filters-item wpr-active-filter \">All Posts<\/span><em class=\"wpr-grid-filters-sep\"><\/em><\/li><li class=\" wpr-pointer-none wpr-pointer-line-fx wpr-pointer-fx-none\"><span   data-ajax-filter=[\"category\",\"sin-categoria\"]  data-filter=\".category-sin-categoria\">Sin categor\u00eda<\/span><em class=\"wpr-grid-filters-sep\"><\/em><\/li><\/ul><section class=\"wpr-grid elementor-clearfix\" data-settings=\"{&quot;layout&quot;:&quot;fitRows&quot;,&quot;stick_last_element_to_bottom&quot;:&quot;&quot;,&quot;columns_desktop&quot;:3,&quot;gutter_hr&quot;:25,&quot;gutter_hr_mobile&quot;:-20,&quot;gutter_hr_mobile_extra&quot;:20,&quot;gutter_hr_tablet&quot;:20,&quot;gutter_hr_tablet_extra&quot;:25,&quot;gutter_hr_laptop&quot;:25,&quot;gutter_hr_widescreen&quot;:25,&quot;gutter_vr&quot;:0,&quot;gutter_vr_mobile&quot;:40,&quot;gutter_vr_mobile_extra&quot;:20,&quot;gutter_vr_tablet&quot;:20,&quot;gutter_vr_tablet_extra&quot;:0,&quot;gutter_vr_laptop&quot;:0,&quot;gutter_vr_widescreen&quot;:0,&quot;animation&quot;:&quot;default&quot;,&quot;animation_duration&quot;:0.3,&quot;animation_delay&quot;:0.1,&quot;deeplinking&quot;:&quot;&quot;,&quot;filters_linkable&quot;:&quot;no&quot;,&quot;filters_default_filter&quot;:&quot;&quot;,&quot;filters_count&quot;:&quot;&quot;,&quot;filters_hide_empty&quot;:&quot;no&quot;,&quot;filters_animation&quot;:&quot;default&quot;,&quot;filters_animation_duration&quot;:0.3,&quot;filters_animation_delay&quot;:0.1,&quot;pagination_type&quot;:&quot;load-more&quot;,&quot;pagination_max_pages&quot;:2,&quot;lightbox&quot;:{&quot;selector&quot;:&quot;.wpr-grid-image-wrap&quot;,&quot;iframeMaxWidth&quot;:&quot;60%&quot;,&quot;hash&quot;:false,&quot;autoplay&quot;:&quot;true&quot;,&quot;pause&quot;:5000,&quot;progressBar&quot;:&quot;true&quot;,&quot;counter&quot;:&quot;true&quot;,&quot;controls&quot;:&quot;true&quot;,&quot;getCaptionFromTitleOrAlt&quot;:&quot;true&quot;,&quot;thumbnail&quot;:&quot;&quot;,&quot;showThumbByDefault&quot;:&quot;&quot;,&quot;share&quot;:&quot;&quot;,&quot;zoom&quot;:&quot;true&quot;,&quot;fullScreen&quot;:&quot;true&quot;,&quot;download&quot;:&quot;true&quot;}}\" data-advanced-filters=\"no\"><article class=\"wpr-grid-item elementor-clearfix post-1008 post type-post status-publish format-standard has-post-thumbnail hentry category-sin-categoria\"><div class=\"wpr-grid-item-inner\"><div class=\"wpr-grid-media-wrap wpr-effect-size-medium \" data-overlay-link=\"yes\"><div class=\"wpr-grid-image-wrap\" data-src=\"https:\/\/ceduca.org\/wp-content\/uploads\/2025\/08\/RECURSOS1.jpg\" data-img-on-hover=\"\"  data-src-secondary=\"\"><img decoding=\"async\" data-no-lazy=\"1\" src=\"https:\/\/ceduca.org\/wp-content\/uploads\/2025\/08\/RECURSOS1.jpg\" alt=\"CEDUCA participates in the European project Entrepreneurship Without Borders to promote a more inclusive and innovative VET system\" class=\"wpr-anim-timing-ease-default\"><\/div><div class=\"wpr-grid-media-hover wpr-animation-wrap\"><div class=\"wpr-grid-media-hover-bg  wpr-overlay-fade-in wpr-anim-size-large wpr-anim-timing-ease-default wpr-anim-transparency\" data-url=\"https:\/\/ceduca.org\/en\/ceduca-joins-the-european-project-entrepreneurship-without-borders-to-promote-inclusive-and-innovative-vet\/\"><\/div><\/div><\/div><div class=\"wpr-grid-item-below-content elementor-clearfix\"><h2 class=\"wpr-grid-item-title elementor-repeater-item-c7205ec wpr-grid-item-display-block wpr-grid-item-align-left wpr-pointer-none wpr-pointer-line-fx wpr-pointer-fx-fade\"><div class=\"inner-block\"><a target=\"_self\"  href=\"https:\/\/ceduca.org\/en\/ceduca-joins-the-european-project-entrepreneurship-without-borders-to-promote-inclusive-and-innovative-vet\/\">CEDUCA participates in the European project Entrepreneurship Without Borders to promote a more inclusive and innovative VET system<\/a><\/div><\/h2><div class=\"wpr-grid-item-date elementor-repeater-item-728c7e0 wpr-grid-item-display-inline wpr-grid-item-align-left\"><div class=\"inner-block\"><span>10\/09\/2025<span class=\"wpr-grid-extra-text-right\"><\/span><\/span><\/div><\/div><div class=\"wpr-grid-item-excerpt elementor-repeater-item-402326c wpr-grid-item-display-block wpr-grid-item-align-left\"><div class=\"inner-block\"><p>CEDUCA is part of the European project Entrepreneurship Without Borders (ESF), an initiative co-funded by the Erasmus+ program that seeks...<\/p><\/div><\/div><div class=\"wpr-grid-item-read-more elementor-repeater-item-2bfaae7 wpr-grid-item-display-block wpr-grid-item-align-left\"><div class=\"inner-block\"><a target=\"_self\" href=\"https:\/\/ceduca.org\/en\/ceduca-joins-the-european-project-entrepreneurship-without-borders-to-promote-inclusive-and-innovative-vet\/\" class=\"wpr-button-effect wpr-button-none\"><span>Read more<\/span><\/a><\/div><\/div><\/div><\/div><\/article><article class=\"wpr-grid-item elementor-clearfix post-668 post type-post status-publish format-standard has-post-thumbnail hentry category-sin-categoria\"><div class=\"wpr-grid-item-inner\"><div class=\"wpr-grid-media-wrap wpr-effect-size-medium \" data-overlay-link=\"yes\"><div class=\"wpr-grid-image-wrap\" data-src=\"https:\/\/ceduca.org\/wp-content\/uploads\/2024\/03\/ChatGPT-Image-17-jul-2025-12_08_41.png\" data-img-on-hover=\"\"  data-src-secondary=\"\"><img decoding=\"async\" data-no-lazy=\"1\" src=\"https:\/\/ceduca.org\/wp-content\/uploads\/2024\/03\/ChatGPT-Image-17-jul-2025-12_08_41.png\" alt=\"Volunteering and social participation in education\" class=\"wpr-anim-timing-ease-default\"><\/div><div class=\"wpr-grid-media-hover wpr-animation-wrap\"><div class=\"wpr-grid-media-hover-bg  wpr-overlay-fade-in wpr-anim-size-large wpr-anim-timing-ease-default wpr-anim-transparency\" data-url=\"https:\/\/ceduca.org\/en\/nuevas-tendencias-en-la-educacion-inclusiva-en-espana\/\"><\/div><\/div><\/div><div class=\"wpr-grid-item-below-content elementor-clearfix\"><h2 class=\"wpr-grid-item-title elementor-repeater-item-c7205ec wpr-grid-item-display-block wpr-grid-item-align-left wpr-pointer-none wpr-pointer-line-fx wpr-pointer-fx-fade\"><div class=\"inner-block\"><a target=\"_self\"  href=\"https:\/\/ceduca.org\/en\/nuevas-tendencias-en-la-educacion-inclusiva-en-espana\/\">Volunteering and social participation in education<\/a><\/div><\/h2><div class=\"wpr-grid-item-date elementor-repeater-item-728c7e0 wpr-grid-item-display-inline wpr-grid-item-align-left\"><div class=\"inner-block\"><span>17\/07\/2025<span class=\"wpr-grid-extra-text-right\"><\/span><\/span><\/div><\/div><div class=\"wpr-grid-item-excerpt elementor-repeater-item-402326c wpr-grid-item-display-block wpr-grid-item-align-left\"><div class=\"inner-block\"><p>Volunteering can play a significant role in promoting sustainable practices and building communities committed to social change. In Spain, various...<\/p><\/div><\/div><div class=\"wpr-grid-item-read-more elementor-repeater-item-2bfaae7 wpr-grid-item-display-block wpr-grid-item-align-left\"><div class=\"inner-block\"><a target=\"_self\" href=\"https:\/\/ceduca.org\/en\/nuevas-tendencias-en-la-educacion-inclusiva-en-espana\/\" class=\"wpr-button-effect wpr-button-none\"><span>Read more<\/span><\/a><\/div><\/div><\/div><\/div><\/article><article class=\"wpr-grid-item elementor-clearfix post-669 post type-post status-publish format-standard has-post-thumbnail hentry category-sin-categoria\"><div class=\"wpr-grid-item-inner\"><div class=\"wpr-grid-media-wrap wpr-effect-size-medium \" data-overlay-link=\"yes\"><div class=\"wpr-grid-image-wrap\" data-src=\"https:\/\/ceduca.org\/wp-content\/uploads\/2024\/10\/ChatGPT-Image-17-jul-2025-11_57_50.png\" data-img-on-hover=\"\"  data-src-secondary=\"\"><img decoding=\"async\" data-no-lazy=\"1\" src=\"https:\/\/ceduca.org\/wp-content\/uploads\/2024\/10\/ChatGPT-Image-17-jul-2025-11_57_50.png\" alt=\"Collaborative networks: Towards educational excellence\" class=\"wpr-anim-timing-ease-default\"><\/div><div class=\"wpr-grid-media-hover wpr-animation-wrap\"><div class=\"wpr-grid-media-hover-bg  wpr-overlay-fade-in wpr-anim-size-large wpr-anim-timing-ease-default wpr-anim-transparency\" data-url=\"https:\/\/ceduca.org\/en\/el-desarrollo-profesional-docente-como-motor-de-la-inclusion\/\"><\/div><\/div><\/div><div class=\"wpr-grid-item-below-content elementor-clearfix\"><h2 class=\"wpr-grid-item-title elementor-repeater-item-c7205ec wpr-grid-item-display-block wpr-grid-item-align-left wpr-pointer-none wpr-pointer-line-fx wpr-pointer-fx-fade\"><div class=\"inner-block\"><a target=\"_self\"  href=\"https:\/\/ceduca.org\/en\/el-desarrollo-profesional-docente-como-motor-de-la-inclusion\/\">Collaborative networks: Towards educational excellence<\/a><\/div><\/h2><div class=\"wpr-grid-item-date elementor-repeater-item-728c7e0 wpr-grid-item-display-inline wpr-grid-item-align-left\"><div class=\"inner-block\"><span>10\/03\/2025<span class=\"wpr-grid-extra-text-right\"><\/span><\/span><\/div><\/div><div class=\"wpr-grid-item-excerpt elementor-repeater-item-402326c wpr-grid-item-display-block wpr-grid-item-align-left\"><div class=\"inner-block\"><p>How are quality educational environments built? The answer lies in joint work. In recent years, strengthening collaborative networks among educational...<\/p><\/div><\/div><div class=\"wpr-grid-item-read-more elementor-repeater-item-2bfaae7 wpr-grid-item-display-block wpr-grid-item-align-left\"><div class=\"inner-block\"><a target=\"_self\" href=\"https:\/\/ceduca.org\/en\/el-desarrollo-profesional-docente-como-motor-de-la-inclusion\/\" class=\"wpr-button-effect wpr-button-none\"><span>Read more<\/span><\/a><\/div><\/div><\/div><\/div><\/article><\/section>\t\t\t\t<\/div>\n\t\t\t\t<\/div>\n\t\t\t\t\t<\/div>\n\t\t\t\t<\/div>\n\t\t<div class=\"elementor-element elementor-element-bbb51bc e-flex e-con-boxed wpr-particle-no wpr-jarallax-no wpr-parallax-no wpr-sticky-section-no wpr-equal-height-no e-con e-parent\" data-id=\"bbb51bc\" data-element_type=\"container\" data-e-type=\"container\">\n\t\t\t\t\t<div class=\"e-con-inner\">\n\t\t\t\t<div class=\"elementor-element elementor-element-26a0e37 elementor-widget elementor-widget-spacer\" data-id=\"26a0e37\" data-element_type=\"widget\" data-e-type=\"widget\" data-widget_type=\"spacer.default\">\n\t\t\t\t<div class=\"elementor-widget-container\">\n\t\t\t\t\t\t\t<div class=\"elementor-spacer\">\n\t\t\t<div class=\"elementor-spacer-inner\"><\/div>\n\t\t<\/div>\n\t\t\t\t\t\t<\/div>\n\t\t\t\t<\/div>\n\t\t\t\t\t<\/div>\n\t\t\t\t<\/div>\n\t\t\t\t<\/div>\n\t\t","protected":false},"excerpt":{"rendered":"<p>News All Posts Voluntariado y participaci\u00f3n social en educaci\u00f3n 17\/07\/2025 El voluntariado puede desempe\u00f1ar un papel relevante en la promoci\u00f3n de pr\u00e1cticas sostenibles y en la construcci\u00f3n de comunidades comprometidas&#8230; Read more Redes de colaboraci\u00f3n: Hacia una educaci\u00f3n de excelencia 17\/07\/2025 \u00bfC\u00f3mo se construyen entornos educativos de calidad? La respuesta radica en el trabajo conjunto. En los \u00faltimos a\u00f1os, el fortalecimiento&#8230; Read more Tendencias en educaci\u00f3n ambiental en Espa\u00f1a 17\/07\/2025 La educaci\u00f3n ambiental en Espa\u00f1a atraviesa un momento de transformaci\u00f3n profunda. Durante los \u00faltimos a\u00f1os, se ha observado un cambio&#8230; Read more All Posts Voluntariado y participaci\u00f3n social en educaci\u00f3n 17\/07\/2025 El voluntariado puede desempe\u00f1ar un papel relevante en la promoci\u00f3n de pr\u00e1cticas sostenibles y en la construcci\u00f3n de comunidades comprometidas&#8230; Read more Redes de colaboraci\u00f3n: Hacia una educaci\u00f3n de excelencia 17\/07\/2025 \u00bfC\u00f3mo se construyen entornos educativos de calidad? La respuesta radica en el trabajo conjunto. En los \u00faltimos a\u00f1os, el fortalecimiento&#8230; Read more Tendencias en educaci\u00f3n ambiental en Espa\u00f1a 17\/07\/2025 La educaci\u00f3n ambiental en Espa\u00f1a atraviesa un momento de transformaci\u00f3n profunda. Durante los \u00faltimos a\u00f1os, se ha observado un cambio&#8230; Read more<\/p>\n","protected":false},"author":2,"featured_media":0,"parent":0,"menu_order":0,"comment_status":"closed","ping_status":"closed","template":"elementor_header_footer","meta":{"inline_featured_image":false,"footnotes":""},"class_list":["post-257","page","type-page","status-publish","hentry"],"_links":{"self":[{"href":"https:\/\/ceduca.org\/en\/wp-json\/wp\/v2\/pages\/257","targetHints":{"allow":["GET"]}}],"collection":[{"href":"https:\/\/ceduca.org\/en\/wp-json\/wp\/v2\/pages"}],"about":[{"href":"https:\/\/ceduca.org\/en\/wp-json\/wp\/v2\/types\/page"}],"author":[{"embeddable":true,"href":"https:\/\/ceduca.org\/en\/wp-json\/wp\/v2\/users\/2"}],"replies":[{"embeddable":true,"href":"https:\/\/ceduca.org\/en\/wp-json\/wp\/v2\/comments?post=257"}],"version-history":[{"count":21,"href":"https:\/\/ceduca.org\/en\/wp-json\/wp\/v2\/pages\/257\/revisions"}],"predecessor-version":[{"id":761,"href":"https:\/\/ceduca.org\/en\/wp-json\/wp\/v2\/pages\/257\/revisions\/761"}],"wp:attachment":[{"href":"https:\/\/ceduca.org\/en\/wp-json\/wp\/v2\/media?parent=257"}],"curies":[{"name":"wp","href":"https:\/\/api.w.org\/{rel}","templated":true}]}}